{"id":184,"date":"2025-03-29T23:22:23","date_gmt":"2025-03-29T22:22:23","guid":{"rendered":"https:\/\/piximat.com\/index.php\/faq-2\/"},"modified":"2025-03-29T23:22:27","modified_gmt":"2025-03-29T22:22:27","slug":"faq-2","status":"publish","type":"page","link":"https:\/\/piximat.com\/index.php\/faq-2\/","title":{"rendered":"FAQ"},"content":{"rendered":"\n   \n    <section class=\"u-align-center u-clearfix u-container-align-center u-section-1\" id=\"sec-bc23\">\n      <div class=\"u-clearfix u-sheet u-sheet-1\">\n        <h2 class=\"u-text u-text-custom-color-1 u-text-default u-text-1\">fOIRE aUX qUESTIONS<\/h2>\n        <p class=\"u-text u-text-2\">Nous r\u00e9pondons ici aux principales questions que vous pourriez vous poser !<br>Si vous ne trouvez pas la r\u00e9ponse \u00e0 votre question, merci de nous contacter par email \u00e0 contact@piximat.com \n        <\/p>\n        <div class=\"u-accordion u-expanded-width-xs u-faq u-spacing-20 u-accordion-1\">\n          <div class=\"u-accordion-item u-accordion-item-1\">\n            <a class=\"active u-accordion-link u-border-1 u-border-active-custom-color-2 u-border-grey-15 u-border-hover-grey-75 u-border-no-left u-border-no-right u-border-no-top u-button-style u-text-active-custom-color-2 u-text-custom-color-1 u-accordion-link-1\" id=\"link-accordion-4aab\" aria-controls=\"accordion-4aab\" aria-selected=\"true\">\n              <span class=\"u-accordion-link-text\">Pour quel type d'\u00e9v\u00e9nement puis-je louer une PIXIBOX MAGAZINE ou une PIXIBOX MINI ? <\/span><span class=\"u-accordion-link-icon u-icon u-text-black u-icon-1\"><svg class=\"u-svg-link\" preserveAspectRatio=\"xMidYMin slice\" viewBox=\"0 0 16 16\" style=\"\"><use xmlns:xlink=\"http:\/\/www.w3.org\/1999\/xlink\" xlink:href=\"#svg-3470\"><\/use><\/svg><svg class=\"u-svg-content\" viewBox=\"0 0 16 16\" x=\"0px\" y=\"0px\" id=\"svg-3470\" style=\"\"><path d=\"M8,10.7L1.6,5.3c-0.4-0.4-1-0.4-1.3,0c-0.4,0.4-0.4,0.9,0,1.3l7.2,6.1c0.1,0.1,0.4,0.2,0.6,0.2s0.4-0.1,0.6-0.2l7.1-6\n\tc0.4-0.4,0.4-0.9,0-1.3c-0.4-0.4-1-0.4-1.3,0L8,10.7z\"><\/path><\/svg><\/span>\n            <\/a>\n            <div class=\"u-accordion-active u-accordion-pane u-container-style u-accordion-pane-1\" id=\"accordion-4aab\" aria-labelledby=\"link-accordion-4aab\" wfd-invisible=\"true\">\n              <div class=\"u-container-layout u-container-layout-1\">\n                <div class=\"fr-view u-clearfix u-rich-text u-text\">\n                  <p style=\"text-align: justify;\">Nos photobooth s'installent quasiment partout et en quelques dizaines de minutes. Il suffit simplement d'avoir une alimentation \u00e9lectrique \u00e0 proximit\u00e9 pour que nous puissions installer votre borne ou cabine photos et vous permettre de profitez avec vos convives.<\/p>\n                  <p style=\"text-align: justify;\">Depuis 2013 nous louons nos cabines et bornes photos pour les anniversaires, les mariages, les soir\u00e9es d'entreprises, les bar mitzvah, les EVG et EVJF, les team building ... vous trouverez toujours une bonne excuse pour immortaliser des moments de joies et de f\u00eates avec vos convives devant un de nos photobooth.<\/p>\n                <\/div>\n              <\/div>\n            <\/div>\n          <\/div>\n          <div class=\"u-accordion-item u-accordion-item-2\">\n            <a class=\"u-accordion-link u-border-1 u-border-active-custom-color-2 u-border-grey-15 u-border-hover-grey-75 u-border-no-left u-border-no-right u-border-no-top u-button-style u-text-active-custom-color-2 u-text-custom-color-1 u-accordion-link-2\" id=\"link-accordion-6327\" aria-controls=\"accordion-6327\" aria-selected=\"false\">\n              <span class=\"u-accordion-link-text\">Quelle est la diff\u00e9rence entre PIXIBOX MAGAZINE et PIXIBOX MINI ?<\/span><span class=\"u-accordion-link-icon u-icon u-text-black u-icon-2\"><svg class=\"u-svg-link\" preserveAspectRatio=\"xMidYMin slice\" viewBox=\"0 0 16 16\" style=\"\"><use xmlns:xlink=\"http:\/\/www.w3.org\/1999\/xlink\" xlink:href=\"#svg-8021\"><\/use><\/svg><svg class=\"u-svg-content\" viewBox=\"0 0 16 16\" x=\"0px\" y=\"0px\" id=\"svg-8021\" style=\"\"><path d=\"M8,10.7L1.6,5.3c-0.4-0.4-1-0.4-1.3,0c-0.4,0.4-0.4,0.9,0,1.3l7.2,6.1c0.1,0.1,0.4,0.2,0.6,0.2s0.4-0.1,0.6-0.2l7.1-6\n\tc0.4-0.4,0.4-0.9,0-1.3c-0.4-0.4-1-0.4-1.3,0L8,10.7z\"><\/path><\/svg><\/span>\n            <\/a>\n            <div class=\"u-accordion-pane u-container-style u-accordion-pane-2\" id=\"accordion-6327\" aria-labelledby=\"link-accordion-6327\" wfd-invisible=\"true\">\n              <div class=\"u-container-layout u-container-layout-2\">\n                <div class=\"fr-view u-clearfix u-rich-text u-text\">\n                  <p style=\"text-align: justify;\">La PIXIBOX MAGAZINE se compose d'une borne photo et d'une cabine dans laquelle vos convives vont poser pour \u00eatre int\u00e9gr\u00e9s ensuite dans la Une de Magazine de leur choix. La borne photo est 100% autonome, elle permet le partage et l'impression des photos en instantan\u00e9.<\/p>\n                  <p style=\"text-align: justify;\">La PIXIBOX MINI est une borne photo compacte install\u00e9e SANS FOND photos. Nous avons la possibilit\u00e9 de personnaliser vos photos en cr\u00e9ant des design d'impression int\u00e9grant vos logos et textes.<\/p>\n                <\/div>\n              <\/div>\n            <\/div>\n          <\/div>\n          <div class=\"u-accordion-item u-accordion-item-3\">\n            <a class=\"u-accordion-link u-border-1 u-border-active-custom-color-2 u-border-grey-15 u-border-hover-grey-75 u-border-no-left u-border-no-right u-border-no-top u-button-style u-text-active-custom-color-2 u-text-custom-color-1 u-accordion-link-3\" id=\"link-accordion-6327\" aria-controls=\"accordion-6327\" aria-selected=\"false\">\n              <span class=\"u-accordion-link-text\">Comment fonctionne la PIXIBOX MAGAZINE ?<\/span><span class=\"u-accordion-link-icon u-icon u-text-black u-icon-3\"><svg class=\"u-svg-link\" preserveAspectRatio=\"xMidYMin slice\" viewBox=\"0 0 16 16\" style=\"\"><use xmlns:xlink=\"http:\/\/www.w3.org\/1999\/xlink\" xlink:href=\"#svg-4968\"><\/use><\/svg><svg class=\"u-svg-content\" viewBox=\"0 0 16 16\" x=\"0px\" y=\"0px\" id=\"svg-4968\" style=\"\"><path d=\"M8,10.7L1.6,5.3c-0.4-0.4-1-0.4-1.3,0c-0.4,0.4-0.4,0.9,0,1.3l7.2,6.1c0.1,0.1,0.4,0.2,0.6,0.2s0.4-0.1,0.6-0.2l7.1-6\n\tc0.4-0.4,0.4-0.9,0-1.3c-0.4-0.4-1-0.4-1.3,0L8,10.7z\"><\/path><\/svg><\/span>\n            <\/a>\n            <div class=\"u-accordion-pane u-container-style u-accordion-pane-3\" id=\"accordion-6327\" aria-labelledby=\"link-accordion-6327\" wfd-invisible=\"true\">\n              <div class=\"u-container-layout u-container-layout-3\">\n                <div class=\"fr-view u-clearfix u-rich-text u-text\">\n                  <p style=\"text-align: justify;\">Notre PixiBox Magazine est 100% Autonome et tr\u00e8s simple d'utilisation.<\/p>\n                  <p style=\"text-align: justify;\">Nous cr\u00e9ons AVANT votre \u00e9v\u00e9nement 5 Unes de magazines de votre choix (parmi des mod\u00e8les que nous avons ou sur votre demande) que nous allons int\u00e9grer \u00e0 notre logiciel photo avant l'\u00e9v\u00e9nement.<\/p>\n                  <p style=\"text-align: justify;\">Le jour J, vos convives cliquent sur l'\u00e9cran de le borne photo pour d\u00e9marrer une session photo, puis ils choisissent le mod\u00e8le de Une de magazine de leur choix. Ensuite il leur suffit de cliquer sur \"Suivant\" sur l'\u00e9cran de la borne photo puis de se placer dans la Box Magazine.<\/p>\n                  <p style=\"text-align: justify;\">Notre logiciel lance alors un compte \u00e0 rebous de 8 secondes puis prend en photo vos convives plac\u00e9s dans la Box Magazine.<\/p>\n                  <p style=\"text-align: justify;\">Ces derniers sont automatiquement int\u00e9gr\u00e9s par notre logiciel dans la Une de Magazine s\u00e9lectionn\u00e9e et le r\u00e9sultat s'affiche \u00e0 l'\u00e9cran au bout de quelques secondes.<\/p>\n                  <p style=\"text-align: justify;\">Ils ont alors le choix de partager leur photo par email ou par Whatsapp, de l'imprimer en instantan\u00e9 au format 10 x 15 cm ou tout simplement de continuer et d\u00e9marrer une autre session photo.<\/p>\n                  <p style=\"text-align: justify;\">Toutes les photos prises au cours de l'\u00e9v\u00e9nement sont enregistr\u00e9es (originales et int\u00e9gration en Une des Magazines) dans la m\u00e9moire de notre borne photos. Une galerie priv\u00e9e sera cr\u00e9\u00e9e par nos soins 72h apr\u00e8s votre \u00e9v\u00e9nement.<\/p>\n                <\/div>\n              <\/div>\n            <\/div>\n          <\/div>\n          <div class=\"u-accordion-item u-accordion-item-4\">\n            <a class=\"u-accordion-link u-border-1 u-border-active-custom-color-2 u-border-grey-15 u-border-hover-grey-75 u-border-no-left u-border-no-right u-border-no-top u-button-style u-text-active-custom-color-2 u-text-custom-color-1 u-accordion-link-4\" id=\"link-accordion-eb1f\" aria-controls=\"accordion-eb1f\" aria-selected=\"false\">\n              <span class=\"u-accordion-link-text\">Quelle sont les dimensions de la PIXIBOX MAGAZINE et de la PIXIBOX MINI ?<\/span><span class=\"u-accordion-link-icon u-icon u-text-black u-icon-4\"><svg class=\"u-svg-link\" preserveAspectRatio=\"xMidYMin slice\" viewBox=\"0 0 16 16\" style=\"\"><use xmlns:xlink=\"http:\/\/www.w3.org\/1999\/xlink\" xlink:href=\"#svg-e07d\"><\/use><\/svg><svg class=\"u-svg-content\" viewBox=\"0 0 16 16\" x=\"0px\" y=\"0px\" id=\"svg-e07d\" style=\"\"><path d=\"M8,10.7L1.6,5.3c-0.4-0.4-1-0.4-1.3,0c-0.4,0.4-0.4,0.9,0,1.3l7.2,6.1c0.1,0.1,0.4,0.2,0.6,0.2s0.4-0.1,0.6-0.2l7.1-6\n\tc0.4-0.4,0.4-0.9,0-1.3c-0.4-0.4-1-0.4-1.3,0L8,10.7z\"><\/path><\/svg><\/span>\n            <\/a>\n            <div class=\"u-accordion-pane u-container-style u-accordion-pane-4\" id=\"accordion-eb1f\" aria-labelledby=\"link-accordion-eb1f\" wfd-invisible=\"true\">\n              <div class=\"u-container-layout u-container-layout-4\">\n                <div class=\"fr-view u-clearfix u-rich-text u-text\">\n                  <p>\n                    <span style=\"font-weight: 700;\">PIXIBOX MAGAZINE :<\/span> Box Magazine = 200 x 120 x 220 cm + Borne Photo = 55 x 45 x 125 cm<br>Un espace au sol de 4 x 4 m est n\u00e9cessaire pour installer la PixiBox Magazine.\n                  <\/p>\n                  <p>\n                    <span style=\"font-weight: 700;\">PIXIBOX MINI :<\/span> 55 x 45 x 170 cm<br>Un recul de 1.5 \u00e0 2.5m est n\u00e9cessaire en fonction des photos souhait\u00e9es (portrait ou enti\u00e8re).\n                  <\/p>\n                <\/div>\n              <\/div>\n            <\/div>\n          <\/div>\n          <div class=\"u-accordion-item u-accordion-item-5\">\n            <a class=\"u-accordion-link u-border-1 u-border-active-custom-color-2 u-border-grey-15 u-border-hover-grey-75 u-border-no-left u-border-no-right u-border-no-top u-button-style u-text-active-custom-color-2 u-text-custom-color-1 u-accordion-link-5\" id=\"link-c01c\" aria-controls=\"c01c\" aria-selected=\"false\">\n              <span class=\"u-accordion-link-text\">La livraison et l'installation sont-elles incluses dans le prix ?<\/span><span class=\"u-accordion-link-icon u-icon u-text-black u-icon-5\"><svg class=\"u-svg-link\" preserveAspectRatio=\"xMidYMin slice\" viewBox=\"0 0 16 16\" style=\"\"><use xmlns:xlink=\"http:\/\/www.w3.org\/1999\/xlink\" xlink:href=\"#svg-e4a1\"><\/use><\/svg><svg class=\"u-svg-content\" viewBox=\"0 0 16 16\" x=\"0px\" y=\"0px\" id=\"svg-e4a1\"><path d=\"M8,10.7L1.6,5.3c-0.4-0.4-1-0.4-1.3,0c-0.4,0.4-0.4,0.9,0,1.3l7.2,6.1c0.1,0.1,0.4,0.2,0.6,0.2s0.4-0.1,0.6-0.2l7.1-6\n\tc0.4-0.4,0.4-0.9,0-1.3c-0.4-0.4-1-0.4-1.3,0L8,10.7z\"><\/path><\/svg><\/span>\n            <\/a>\n            <div class=\"u-accordion-pane u-container-style u-accordion-pane-5\" id=\"c01c\" aria-labelledby=\"link-c01c\">\n              <div class=\"u-container-layout u-container-layout-5\">\n                <div class=\"fr-view u-clearfix u-rich-text u-text\">\n                  <p id=\"isPasted\">La livraison, l'installation ainsi que la reprise du mat\u00e9riel sont compris dans le prix de location uniquement pour les \u00e9v\u00e9nements ayant lieu sur le Canton de Gen\u00e8ve.&nbsp;<\/p>\n                  <p>La livraison dans les autres cantons Suisses et en France est factur\u00e9e en sus.<\/p>\n                  <p>Piximat n\u2019est pas assujettie \u00e0 TVA, nous ne facturons donc aucune TVA et les prix s\u2019entendent nets de toute TVA.<\/p>\n                <\/div>\n              <\/div>\n            <\/div>\n          <\/div>\n          <div class=\"u-accordion-item u-accordion-item-6\">\n            <a class=\"u-accordion-link u-border-1 u-border-active-custom-color-2 u-border-grey-15 u-border-hover-grey-75 u-border-no-left u-border-no-right u-border-no-top u-button-style u-text-active-custom-color-2 u-text-custom-color-1 u-accordion-link-6\" id=\"link-c1e1\" aria-controls=\"c1e1\" aria-selected=\"false\">\n              <span class=\"u-accordion-link-text\">Comment r\u00e9server un photobooth pour mon \u00e9v\u00e9nement ?<\/span><span class=\"u-accordion-link-icon u-icon u-text-black u-icon-6\"><svg class=\"u-svg-link\" preserveAspectRatio=\"xMidYMin slice\" viewBox=\"0 0 16 16\" style=\"\"><use xmlns:xlink=\"http:\/\/www.w3.org\/1999\/xlink\" xlink:href=\"#svg-9877\"><\/use><\/svg><svg class=\"u-svg-content\" viewBox=\"0 0 16 16\" x=\"0px\" y=\"0px\" id=\"svg-9877\"><path d=\"M8,10.7L1.6,5.3c-0.4-0.4-1-0.4-1.3,0c-0.4,0.4-0.4,0.9,0,1.3l7.2,6.1c0.1,0.1,0.4,0.2,0.6,0.2s0.4-0.1,0.6-0.2l7.1-6\n\tc0.4-0.4,0.4-0.9,0-1.3c-0.4-0.4-1-0.4-1.3,0L8,10.7z\"><\/path><\/svg><\/span>\n            <\/a>\n            <div class=\"u-accordion-pane u-container-style u-accordion-pane-6\" id=\"c1e1\" aria-labelledby=\"link-c1e1\">\n              <div class=\"u-container-layout u-container-layout-6\">\n                <div class=\"fr-view u-clearfix u-rich-text u-text\">\n                  <p id=\"isPasted\" style=\"text-align: justify;\">Les r\u00e9servations se font uniquement par email apr\u00e8s acceptation de notre devis.&nbsp;<\/p>\n                  <p style=\"text-align: justify;\">Votre r\u00e9servation est consid\u00e9r\u00e9e comme d\u00e9finitive seulement apr\u00e8s le retour du contrat \u00e9tabli par Piximat, dat\u00e9 et sign\u00e9 par le client et apr\u00e8s le paiement de l\u2019acompte de r\u00e9servation.<\/p>\n                  <p style=\"text-align: justify;\">Sans cette condition (versement de l\u2019acompte), la pr\u00e9sence de l\u2019animation Piximat \u00e0 l\u2019\u00e9v\u00e9nement n\u2019est pas garantie au client.<\/p>\n                <\/div>\n              <\/div>\n            <\/div>\n          <\/div>\n          <div class=\"u-accordion-item u-accordion-item-7\">\n            <a class=\"u-accordion-link u-border-1 u-border-active-custom-color-2 u-border-grey-15 u-border-hover-grey-75 u-border-no-left u-border-no-right u-border-no-top u-button-style u-text-active-custom-color-2 u-text-custom-color-1 u-accordion-link-7\" id=\"link-6788\" aria-controls=\"6788\" aria-selected=\"false\">\n              <span class=\"u-accordion-link-text\">Je dois annuler ma r\u00e9servation, comment faire ? et que se passe-t-il en cas d'annulation ?&nbsp;<\/span><span class=\"u-accordion-link-icon u-icon u-text-black u-icon-7\"><svg class=\"u-svg-link\" preserveAspectRatio=\"xMidYMin slice\" viewBox=\"0 0 16 16\" style=\"\"><use xmlns:xlink=\"http:\/\/www.w3.org\/1999\/xlink\" xlink:href=\"#svg-2f9c\"><\/use><\/svg><svg class=\"u-svg-content\" viewBox=\"0 0 16 16\" x=\"0px\" y=\"0px\" id=\"svg-2f9c\"><path d=\"M8,10.7L1.6,5.3c-0.4-0.4-1-0.4-1.3,0c-0.4,0.4-0.4,0.9,0,1.3l7.2,6.1c0.1,0.1,0.4,0.2,0.6,0.2s0.4-0.1,0.6-0.2l7.1-6\n\tc0.4-0.4,0.4-0.9,0-1.3c-0.4-0.4-1-0.4-1.3,0L8,10.7z\"><\/path><\/svg><\/span>\n            <\/a>\n            <div class=\"u-accordion-pane u-container-style u-accordion-pane-7\" id=\"6788\" aria-labelledby=\"link-6788\">\n              <div class=\"u-container-layout u-container-layout-7\">\n                <div class=\"fr-view u-clearfix u-rich-text u-text\">\n                  <p style=\"text-align: justify;\">Si une commande pass\u00e9e est confirm\u00e9e et ensuite annul\u00e9e par le client, Piximat se r\u00e9serve le droit de facturer des frais d'annulation comme suit :<\/p>\n                  <p style=\"text-align: justify;\">De 15 \u00e0 20 jours avant l'\u00e9v\u00e9nement : 10 % du montant total<\/p>\n                  <p style=\"text-align: justify;\">De 3 \u00e0 14 jours avant l'\u00e9v\u00e9nement : 50% du montant total<\/p>\n                  <p style=\"text-align: justify;\">De 2 jours \u00e0 la date de l'\u00e9v\u00e9nement : 100% du montant total<\/p>\n                  <p style=\"text-align: justify;\">Toute annulation doit se faire OBLIGATOIREMENT par email au plus t\u00f4t avant l'\u00e9v\u00e9nement pour b\u00e9n\u00e9ficier d'un remboursement comme d\u00e9crit ci-dessus.<\/p>\n                <\/div>\n              <\/div>\n            <\/div>\n          <\/div>\n          <div class=\"u-accordion-item u-accordion-item-8\">\n            <a class=\"u-accordion-link u-border-1 u-border-active-custom-color-2 u-border-grey-15 u-border-hover-grey-75 u-border-no-left u-border-no-right u-border-no-top u-button-style u-text-active-custom-color-2 u-text-custom-color-1 u-accordion-link-8\" id=\"link-68a8\" aria-controls=\"68a8\" aria-selected=\"false\">\n              <span class=\"u-accordion-link-text\">Quelles sont les conditions de paiement ?<\/span><span class=\"u-accordion-link-icon u-icon u-text-black u-icon-8\"><svg class=\"u-svg-link\" preserveAspectRatio=\"xMidYMin slice\" viewBox=\"0 0 16 16\" style=\"\"><use xmlns:xlink=\"http:\/\/www.w3.org\/1999\/xlink\" xlink:href=\"#svg-596b\"><\/use><\/svg><svg class=\"u-svg-content\" viewBox=\"0 0 16 16\" x=\"0px\" y=\"0px\" id=\"svg-596b\"><path d=\"M8,10.7L1.6,5.3c-0.4-0.4-1-0.4-1.3,0c-0.4,0.4-0.4,0.9,0,1.3l7.2,6.1c0.1,0.1,0.4,0.2,0.6,0.2s0.4-0.1,0.6-0.2l7.1-6\n\tc0.4-0.4,0.4-0.9,0-1.3c-0.4-0.4-1-0.4-1.3,0L8,10.7z\"><\/path><\/svg><\/span>\n            <\/a>\n            <div class=\"u-accordion-pane u-container-style u-accordion-pane-8\" id=\"68a8\" aria-labelledby=\"link-68a8\">\n              <div class=\"u-container-layout u-container-layout-8\">\n                <div class=\"fr-view u-clearfix u-rich-text u-text\">\n                  <p id=\"isPasted\" style=\"text-align: justify;\">Un acompte de 50% est a verser \u00e0 la signature du contrat par virement bancaire ou en esp\u00e8ces.<br>Le solde devra \u00eatre vers\u00e9 au plus tard 48h avant la date pr\u00e9vue de l'\u00e9v\u00e9nement.<br>Le non respect de ces conditions de paiement pourra entrainer l'absence de l'animation Piximat lors de votre \u00e9v\u00e9nement.\n                  <\/p>\n                  <p style=\"text-align: justify;\">L\u2019organisateur est enti\u00e8rement responsable des frais ult\u00e9rieurs y relatifs adress\u00e9s \u00e0 Piximat.<\/p>\n                <\/div>\n              <\/div>\n            <\/div>\n          <\/div>\n          <div class=\"u-accordion-item u-accordion-item-9\">\n            <a class=\"u-accordion-link u-border-1 u-border-active-custom-color-2 u-border-grey-15 u-border-hover-grey-75 u-border-no-left u-border-no-right u-border-no-top u-button-style u-text-active-custom-color-2 u-text-custom-color-1 u-accordion-link-9\" id=\"link-8de2\" aria-controls=\"8de2\" aria-selected=\"false\">\n              <span class=\"u-accordion-link-text\">Puis-je r\u00e9cup\u00e9rer les photos apr\u00e8s l'\u00e9v\u00e9nement ? <\/span><span class=\"u-accordion-link-icon u-icon u-text-black u-icon-9\"><svg class=\"u-svg-link\" preserveAspectRatio=\"xMidYMin slice\" viewBox=\"0 0 16 16\" style=\"\"><use xmlns:xlink=\"http:\/\/www.w3.org\/1999\/xlink\" xlink:href=\"#svg-545c\"><\/use><\/svg><svg class=\"u-svg-content\" viewBox=\"0 0 16 16\" x=\"0px\" y=\"0px\" id=\"svg-545c\"><path d=\"M8,10.7L1.6,5.3c-0.4-0.4-1-0.4-1.3,0c-0.4,0.4-0.4,0.9,0,1.3l7.2,6.1c0.1,0.1,0.4,0.2,0.6,0.2s0.4-0.1,0.6-0.2l7.1-6\n\tc0.4-0.4,0.4-0.9,0-1.3c-0.4-0.4-1-0.4-1.3,0L8,10.7z\"><\/path><\/svg><\/span>\n            <\/a>\n            <div class=\"u-accordion-pane u-container-style u-accordion-pane-9\" id=\"8de2\" aria-labelledby=\"link-8de2\">\n              <div class=\"u-container-layout u-container-layout-9\">\n                <div class=\"fr-view u-clearfix u-rich-text u-text\">\n                  <p style=\"text-align: justify;\">Oui, apr\u00e8s chaque \u00e9v\u00e9nement nous cr\u00e9ons sous 72h une galerie priv\u00e9e en ligne avec toutes les photos au format num\u00e9rique prises lors de ce dernier.<\/p>\n                  <p style=\"text-align: justify;\">Attention, pour des raisons de confidentialit\u00e9, les photos seront effac\u00e9es dans un d\u00e9lai d'un mois apr\u00e8s votre \u00e9v\u00e9nement, pass\u00e9 ce d\u00e9lai nous ne serons plus en mesure de vous refournir vos photos.<\/p>\n                <\/div>\n              <\/div>\n            <\/div>\n          <\/div>\n          <div class=\"u-accordion-item u-accordion-item-10\">\n            <a class=\"u-accordion-link u-border-1 u-border-active-custom-color-2 u-border-grey-15 u-border-hover-grey-75 u-border-no-left u-border-no-right u-border-no-top u-button-style u-text-active-custom-color-2 u-text-custom-color-1 u-accordion-link-10\" id=\"link-2186\" aria-controls=\"2186\" aria-selected=\"false\">\n              <span class=\"u-accordion-link-text\">Un fond photo est-il fournit avec la PIXIBOX MINI ?<\/span><span class=\"u-accordion-link-icon u-icon u-text-black u-icon-10\"><svg class=\"u-svg-link\" preserveAspectRatio=\"xMidYMin slice\" viewBox=\"0 0 16 16\" style=\"\"><use xmlns:xlink=\"http:\/\/www.w3.org\/1999\/xlink\" xlink:href=\"#svg-a10c\"><\/use><\/svg><svg class=\"u-svg-content\" viewBox=\"0 0 16 16\" x=\"0px\" y=\"0px\" id=\"svg-a10c\"><path d=\"M8,10.7L1.6,5.3c-0.4-0.4-1-0.4-1.3,0c-0.4,0.4-0.4,0.9,0,1.3l7.2,6.1c0.1,0.1,0.4,0.2,0.6,0.2s0.4-0.1,0.6-0.2l7.1-6\n\tc0.4-0.4,0.4-0.9,0-1.3c-0.4-0.4-1-0.4-1.3,0L8,10.7z\"><\/path><\/svg><\/span>\n            <\/a>\n            <div class=\"u-accordion-pane u-container-style u-accordion-pane-10\" id=\"2186\" aria-labelledby=\"link-2186\">\n              <div class=\"u-container-layout u-container-layout-10\">\n                <div class=\"fr-view u-clearfix u-rich-text u-text\">\n                  <p style=\"text-align: justify;\">Non, nous ne fournissons pas de fond photo mais nous conseillons cependant d'utiliser la PIXIBOX MINI devant un mur, un rideau ou le fond de votre choix (\u00e0 l'exception d'une vitre ou un miroir qui emp\u00eacheront le bon fonctionnement de l'appareil photo).<br>\n                    <br>En cas de besoin, vous pouvez demander en option un fond photo (uni ou personnalis\u00e9) pour votre \u00e9v\u00e9nement.\n                  <\/p>\n                <\/div>\n              <\/div>\n            <\/div>\n          <\/div>\n          <div class=\"u-accordion-item u-accordion-item-11\">\n            <a class=\"u-accordion-link u-border-1 u-border-active-custom-color-2 u-border-grey-15 u-border-hover-grey-75 u-border-no-left u-border-no-right u-border-no-top u-button-style u-text-active-custom-color-2 u-text-custom-color-1 u-accordion-link-11\" id=\"link-13f7\" aria-controls=\"13f7\" aria-selected=\"false\">\n              <span class=\"u-accordion-link-text\">Quel espace faut-il pr\u00e9voir pour installer une borne photos ?<\/span><span class=\"u-accordion-link-icon u-icon u-text-black u-icon-11\"><svg class=\"u-svg-link\" preserveAspectRatio=\"xMidYMin slice\" viewBox=\"0 0 16 16\" style=\"\"><use xmlns:xlink=\"http:\/\/www.w3.org\/1999\/xlink\" xlink:href=\"#svg-8361\"><\/use><\/svg><svg class=\"u-svg-content\" viewBox=\"0 0 16 16\" x=\"0px\" y=\"0px\" id=\"svg-8361\"><path d=\"M8,10.7L1.6,5.3c-0.4-0.4-1-0.4-1.3,0c-0.4,0.4-0.4,0.9,0,1.3l7.2,6.1c0.1,0.1,0.4,0.2,0.6,0.2s0.4-0.1,0.6-0.2l7.1-6\n\tc0.4-0.4,0.4-0.9,0-1.3c-0.4-0.4-1-0.4-1.3,0L8,10.7z\"><\/path><\/svg><\/span>\n            <\/a>\n            <div class=\"u-accordion-pane u-container-style u-accordion-pane-11\" id=\"13f7\" aria-labelledby=\"link-13f7\">\n              <div class=\"u-container-layout u-container-layout-11\">\n                <div class=\"fr-view u-clearfix u-rich-text u-text\">\n                  <p>Pour la PIXIBOX MAGAZINE : un espace de 4 x 4 m est n\u00e9cessaire pour installer la cabine magazine et la borne photo<\/p>\n                  <p>Pour la PIXIBOX MINI : nous conseillons d'utiliser un espace d\u00e9gag\u00e9e, \u00e0 l'abri des intemp\u00e9ries, devant un mur ou un fond photo et de pr\u00e9voir un recul au minium de 1.5 m pour obtenir des belles photos.<\/p>\n                <\/div>\n              <\/div>\n            <\/div>\n          <\/div>\n          <div class=\"u-accordion-item u-accordion-item-12\">\n            <a class=\"u-accordion-link u-border-1 u-border-active-custom-color-2 u-border-grey-15 u-border-hover-grey-75 u-border-no-left u-border-no-right u-border-no-top u-button-style u-text-active-custom-color-2 u-text-custom-color-1 u-accordion-link-12\" id=\"link-442f\" aria-controls=\"442f\" aria-selected=\"false\">\n              <span class=\"u-accordion-link-text\">La borne ou la cabine photo ne fonctionne plus pendant mon \u00e9v\u00e9nement, que faire ? <\/span><span class=\"u-accordion-link-icon u-icon u-text-black u-icon-12\"><svg class=\"u-svg-link\" preserveAspectRatio=\"xMidYMin slice\" viewBox=\"0 0 16 16\" style=\"\"><use xmlns:xlink=\"http:\/\/www.w3.org\/1999\/xlink\" xlink:href=\"#svg-40f4\"><\/use><\/svg><svg class=\"u-svg-content\" viewBox=\"0 0 16 16\" x=\"0px\" y=\"0px\" id=\"svg-40f4\"><path d=\"M8,10.7L1.6,5.3c-0.4-0.4-1-0.4-1.3,0c-0.4,0.4-0.4,0.9,0,1.3l7.2,6.1c0.1,0.1,0.4,0.2,0.6,0.2s0.4-0.1,0.6-0.2l7.1-6\n\tc0.4-0.4,0.4-0.9,0-1.3c-0.4-0.4-1-0.4-1.3,0L8,10.7z\"><\/path><\/svg><\/span>\n            <\/a>\n            <div class=\"u-accordion-pane u-container-style u-accordion-pane-12\" id=\"442f\" aria-labelledby=\"link-442f\">\n              <div class=\"u-container-layout u-container-layout-12\">\n                <div class=\"fr-view u-clearfix u-rich-text u-text\">\n                  <p style=\"text-align: justify;\">Avant tout \u00e9v\u00e9nement nous vous transmettons un num\u00e9ro de t\u00e9l\u00e9phone vous permettant de nous contacter en cas de probl\u00e8me technique.<\/p>\n                  <p style=\"text-align: justify;\">Dans la majeure partie des cas nous pourrons vous aider \u00e0 r\u00e9soudre les probl\u00e8mes \u00e0 distance directement par t\u00e9l\u00e9phone.<br>Si non, un de nos techniciens interviendra au plus vite pour vous d\u00e9panner.\n                  <\/p>\n                  <p style=\"text-align: justify;\">Selon les \u00e9v\u00e9nements, il est possible que nous choisissions de rester sur place pendant votre \u00e9v\u00e9nement pour assurer l'assistance technique.<\/p>\n                <\/div>\n              <\/div>\n            <\/div>\n          <\/div>\n          <div class=\"u-accordion-item u-accordion-item-13\">\n            <a class=\"u-accordion-link u-border-1 u-border-active-custom-color-2 u-border-grey-15 u-border-hover-grey-75 u-border-no-left u-border-no-right u-border-no-top u-button-style u-text-active-custom-color-2 u-text-custom-color-1 u-accordion-link-13\" id=\"link-62d6\" aria-controls=\"62d6\" aria-selected=\"false\">\n              <span class=\"u-accordion-link-text\">Faut-il rendre les accessoires de d\u00e9guisement mis \u00e0 disposition apr\u00e8s mon \u00e9v\u00e9nement ?<\/span><span class=\"u-accordion-link-icon u-icon u-text-black u-icon-13\"><svg class=\"u-svg-link\" preserveAspectRatio=\"xMidYMin slice\" viewBox=\"0 0 16 16\" style=\"\"><use xmlns:xlink=\"http:\/\/www.w3.org\/1999\/xlink\" xlink:href=\"#svg-1a2e\"><\/use><\/svg><svg class=\"u-svg-content\" viewBox=\"0 0 16 16\" x=\"0px\" y=\"0px\" id=\"svg-1a2e\"><path d=\"M8,10.7L1.6,5.3c-0.4-0.4-1-0.4-1.3,0c-0.4,0.4-0.4,0.9,0,1.3l7.2,6.1c0.1,0.1,0.4,0.2,0.6,0.2s0.4-0.1,0.6-0.2l7.1-6\n\tc0.4-0.4,0.4-0.9,0-1.3c-0.4-0.4-1-0.4-1.3,0L8,10.7z\"><\/path><\/svg><\/span>\n            <\/a>\n            <div class=\"u-accordion-pane u-container-style u-accordion-pane-13\" id=\"62d6\" aria-labelledby=\"link-62d6\">\n              <div class=\"u-container-layout u-container-layout-13\">\n                <div class=\"fr-view u-clearfix u-rich-text u-text\">\n                  <p style=\"text-align: justify;\">OUI !<\/p>\n                  <p style=\"text-align: justify;\">Nous avons fait le choix de mettre \u00e0 disposition un petit lot d'accessoires de d\u00e9guisement vari\u00e9s pour rendre l'animation plus Fun.<br>Mais nous comptons sur vous pour rendre \u00e0 la fin de votre \u00e9v\u00e9nement la totalit\u00e9 des accessoires que nous aurons mis \u00e0 disposition.<br>Dans le cas ou plusieurs accessoires disparaitraient ou seraient cass\u00e9s par vos convives, nous nous r\u00e9servons le droit de les facturer en suppl\u00e9ment apr\u00e8s l'\u00e9v\u00e9nement.\n                  <\/p>\n                <\/div>\n              <\/div>\n            <\/div>\n          <\/div>\n          <div class=\"u-accordion-item u-accordion-item-14\">\n            <a class=\"u-accordion-link u-border-1 u-border-active-custom-color-2 u-border-grey-15 u-border-hover-grey-75 u-border-no-left u-border-no-right u-border-no-top u-button-style u-text-active-custom-color-2 u-text-custom-color-1 u-accordion-link-14\" id=\"link-accordion-eb1f\" aria-controls=\"accordion-eb1f\" aria-selected=\"false\">\n              <span class=\"u-accordion-link-text\">Comment est d\u00e9cor\u00e9 l'int\u00e9rieur de la PIXIBOX MAGAZINE pour mon \u00e9v\u00e9nement ? <\/span><span class=\"u-accordion-link-icon u-icon u-text-black u-icon-14\"><svg class=\"u-svg-link\" preserveAspectRatio=\"xMidYMin slice\" viewBox=\"0 0 16 16\" style=\"\"><use xmlns:xlink=\"http:\/\/www.w3.org\/1999\/xlink\" xlink:href=\"#svg-23e3\"><\/use><\/svg><svg class=\"u-svg-content\" viewBox=\"0 0 16 16\" x=\"0px\" y=\"0px\" id=\"svg-23e3\" style=\"\"><path d=\"M8,10.7L1.6,5.3c-0.4-0.4-1-0.4-1.3,0c-0.4,0.4-0.4,0.9,0,1.3l7.2,6.1c0.1,0.1,0.4,0.2,0.6,0.2s0.4-0.1,0.6-0.2l7.1-6\n\tc0.4-0.4,0.4-0.9,0-1.3c-0.4-0.4-1-0.4-1.3,0L8,10.7z\"><\/path><\/svg><\/span>\n            <\/a>\n            <div class=\"u-accordion-pane u-container-style u-accordion-pane-14\" id=\"accordion-eb1f\" aria-labelledby=\"link-accordion-eb1f\" wfd-invisible=\"true\">\n              <div class=\"u-container-layout u-container-layout-14\">\n                <div class=\"fr-view u-clearfix u-rich-text u-text\">\n                  <p>Nos prix de location int\u00e8gre la personnalisation de la d\u00e9coration int\u00e9rieure de la PIXIBOX MAGAZINE.<\/p>\n                  <p>C'est \u00e0 dire que nous d\u00e9corons l'int\u00e9rieur de la Box Magazine en fonction du th\u00e8me de votre \u00e9v\u00e9nement (par exemple pour un mariage les rideaux et le sol seront blanc, pour une soir\u00e9e disco ils seront dor\u00e9s).<\/p>\n                  <p>Lors de l'\u00e9tablissement de votre contrat de location, nous vous demandons le th\u00e8me de votre \u00e9v\u00e9nement et vous proposons une d\u00e9coration adapt\u00e9e que vous devrez valider au minimum 7 jours avant votre \u00e9v\u00e9nement pour nous laisser le temps de pr\u00e9parer votre d\u00e9cor.<\/p>\n                <\/div>\n              <\/div>\n            <\/div>\n          <\/div>\n        <\/div>\n      <\/div>\n    <\/section>\n    \n    \n    \n    \n    \n  \n","protected":false},"excerpt":{"rendered":"<p>fOIRE aUX qUESTIONS Nous r\u00e9pondons ici aux principales questions que vous pourriez vous poser !Si vous ne trouvez pas la r\u00e9ponse \u00e0 votre question, merci de nous contacter par email \u00e0 contact@piximat.com Pour quel type d&rsquo;\u00e9v\u00e9nement puis-je louer une PIXIBOX MAGAZINE ou une PIXIBOX MINI ? Nos photobooth s&rsquo;installent quasiment partout et en quelques dizaines &hellip; <a href=\"https:\/\/piximat.com\/index.php\/faq-2\/\" class=\"more-link\">Continue reading<span class=\"screen-reader-text\"> \u00ab\u00a0FAQ\u00a0\u00bb<\/span><\/a><\/p>\n","protected":false},"author":1,"featured_media":0,"parent":0,"menu_order":1,"comment_status":"closed","ping_status":"closed","template":"","meta":{"footnotes":""},"class_list":["post-184","page","type-page","status-publish","hentry"],"_links":{"self":[{"href":"https:\/\/piximat.com\/index.php\/wp-json\/wp\/v2\/pages\/184","targetHints":{"allow":["GET"]}}],"collection":[{"href":"https:\/\/piximat.com\/index.php\/wp-json\/wp\/v2\/pages"}],"about":[{"href":"https:\/\/piximat.com\/index.php\/wp-json\/wp\/v2\/types\/page"}],"author":[{"embeddable":true,"href":"https:\/\/piximat.com\/index.php\/wp-json\/wp\/v2\/users\/1"}],"replies":[{"embeddable":true,"href":"https:\/\/piximat.com\/index.php\/wp-json\/wp\/v2\/comments?post=184"}],"version-history":[{"count":1,"href":"https:\/\/piximat.com\/index.php\/wp-json\/wp\/v2\/pages\/184\/revisions"}],"predecessor-version":[{"id":194,"href":"https:\/\/piximat.com\/index.php\/wp-json\/wp\/v2\/pages\/184\/revisions\/194"}],"wp:attachment":[{"href":"https:\/\/piximat.com\/index.php\/wp-json\/wp\/v2\/media?parent=184"}],"curies":[{"name":"wp","href":"https:\/\/api.w.org\/{rel}","templated":true}]}}